{"id":65,"date":"2023-10-31T13:20:02","date_gmt":"2023-10-31T13:20:02","guid":{"rendered":"https:\/\/vitavif.com\/?page_id=65"},"modified":"2024-05-01T12:21:43","modified_gmt":"2024-05-01T12:21:43","slug":"home","status":"publish","type":"page","link":"https:\/\/vitavif.com\/pt\/","title":{"rendered":"Home"},"content":{"rendered":"<div class=\"theme-wrapper theme-hero\">\n    <div class=\"custom-container\">\n        <div class=\"row align-items-center\">\n            <div class=\"col-12 col-lg-6\">\n                <div class=\"theme-hero-wrapper\">\n                    <h2 class=\"theme-hero-wrapper-new\">Seu novo h\u00e1bito saud\u00e1vel!<\/h2>\n                    <div class=\"theme-hero-wrapper-content\"><p>Vitavif Yummygums tem o poder da rotina e incentivam um estilo de vida saud\u00e1vel com sabor e prazer.<\/p>\n<\/div>\n                    <a class=\"theme-hero-wrapper-link theme-button\" href=\"https:\/\/vitavif.com\/pt\/tienda\/\">Descontos de 15% e 25%!<\/a>\n                <\/div>\n            <\/div>\n            <div class=\"col-12 col-md-8 col-lg-6\">\n                <div class=\"theme-hero-image\">\n                    <div class=\"theme-hero-image-bottle\">\n                        <img decoding=\"async\" src=\"https:\/\/vitavif.com\/wp-content\/uploads\/2023\/12\/vitavif-home-hair-hero-image-v002.png\" alt=\"Hero Image\">\n                    <\/div>\n                <\/div>\n            <\/div>\n        <\/div>\n    <\/div>\n<\/div>\n\n<div class=\"theme-wrapper theme-slider\">\n    <div class=\"container\">\n        <div class=\"row\">\n            <div class=\"col-12\">\n                <h2 class=\"theme-slider-title\">Nossas vitaminas<\/h2>\n            <\/div>\n            <div class=\"col-12 col-lg-7\">\n                <div class=\"theme-slider-content\">Las Yummygums Vitavif est\u00e1n cuidadosamente formuladas, son naturales y contienen solo ingredientes de alta calidad. Todas las vitaminas son 100% veganas, sin az\u00facar y no contienen colorantes ni sabores artificiales. Adem\u00e1s est\u00e1n libres de al\u00e9rgenos como el gluten o la lactosa. \r\n\r\nHaciendo click en el producto te informamos sobre sus beneficios y su composici\u00f3n.<\/div>\n            <\/div>\n            <div class=\"col-12 col-lg-5\">\n                <div class=\"theme-slider-wrapper\">\n                    <a class=\"theme-slider-wrapper-link theme-button\" href=\"https:\/\/vitavif.com\/pt\/tienda\/\">Todos os produtos <i class=\"fa-solid fa-arrow-right\"><\/i><\/a>\n                    <div class=\"theme-slider-wrapper-prev\"><i class=\"fa-solid fa-arrow-left\"><\/i><\/div>\n                    <div class=\"theme-slider-wrapper-next\"><i class=\"fa-solid fa-arrow-right\"><\/i><\/div>\n                <\/div>\n            <\/div>\n            <div class=\"col-12\">\n                <div class=\"theme-slider-slider\">\n                                        <div class=\"theme-slider-slider-slide\">\n                        <div class=\"theme-slider-slider-slide-image-wrapper\">\n                                                        <img decoding=\"async\" src=\"https:\/\/vitavif.com\/wp-content\/uploads\/2024\/01\/8718868966728-nl-1A-hair-B.webp\" alt=\"Product Image\">\n                                                                                    <div class=\"theme-slider-slider-slide-basket\" data-pid=\"143\">\n                                <i class=\"fa-regular fa-basket-shopping-simple\"><\/i>\n                            <\/div>\n                                                    <\/div>\n                        <h3 class=\"theme-slider-slider-slide-title\">Hair<\/h3>\n                        <h4 class=\"theme-slider-slider-slide-subtitle\">Bem-estar e beleza<\/h4>\n                        <div class=\"theme-slider-slider-slide-content\">Obtenha cabelos fortes, longos e saud\u00e1veis \u200b\u200bcom nossas vitaminas premium sem a\u00e7\u00facar. Eles cont\u00eam nada menos que 10 vitaminas e minerais e extrato natural de bambu.<\/div>\n                        <a class=\"theme-slider-slider-slide-link\" href=\"https:\/\/vitavif.com\/pt\/tienda\/hair\/\"><\/a>\n                    <\/div>\n                                        <div class=\"theme-slider-slider-slide\">\n                        <div class=\"theme-slider-slider-slide-image-wrapper\">\n                                                        <img decoding=\"async\" src=\"https:\/\/vitavif.com\/wp-content\/uploads\/2024\/01\/8718868966704-multi-b.webp\" alt=\"Product Image\">\n                                                                                    <div class=\"theme-slider-slider-slide-basket\" data-pid=\"246\">\n                                <i class=\"fa-regular fa-basket-shopping-simple\"><\/i>\n                            <\/div>\n                                                    <\/div>\n                        <h3 class=\"theme-slider-slider-slide-title\">Multi+<\/h3>\n                        <h4 class=\"theme-slider-slider-slide-subtitle\">Multivitam\u00ednico<\/h4>\n                        <div class=\"theme-slider-slider-slide-content\">Fortale\u00e7a a sua sa\u00fade desfrutando diariamente das suas vitaminas essenciais com apenas duas gomas. Sem a\u00e7\u00facar, com cores e sabores naturais extra\u00eddos de fontes vegetais. Saboroso, divertido e f\u00e1cil!<\/div>\n                        <a class=\"theme-slider-slider-slide-link\" href=\"https:\/\/vitavif.com\/pt\/tienda\/multi\/\"><\/a>\n                    <\/div>\n                                        <div class=\"theme-slider-slider-slide\">\n                        <div class=\"theme-slider-slider-slide-image-wrapper\">\n                                                        <img decoding=\"async\" src=\"https:\/\/vitavif.com\/wp-content\/uploads\/2024\/01\/8720387845101-kids-b.webp\" alt=\"Product Image\">\n                                                                                    <div class=\"theme-slider-slider-slide-basket\" data-pid=\"247\">\n                                <i class=\"fa-regular fa-basket-shopping-simple\"><\/i>\n                            <\/div>\n                                                    <\/div>\n                        <h3 class=\"theme-slider-slider-slide-title\">Kids<\/h3>\n                        <h4 class=\"theme-slider-slider-slide-subtitle\">Multivitam\u00ednico<\/h4>\n                        <div class=\"theme-slider-slider-slide-content\">Ajude o desenvolvimento do seu filho com o delicioso multivitam\u00ednico 'Kids'. D\u00ea a ele uma goma sem a\u00e7\u00facar com sabor de morango por dia. Dois meses de uso para crian\u00e7as de 3 a 12 anos.<\/div>\n                        <a class=\"theme-slider-slider-slide-link\" href=\"https:\/\/vitavif.com\/pt\/tienda\/kids\/\"><\/a>\n                    <\/div>\n                                        <div class=\"theme-slider-slider-slide\">\n                        <div class=\"theme-slider-slider-slide-image-wrapper\">\n                                                        <img decoding=\"async\" src=\"https:\/\/vitavif.com\/wp-content\/uploads\/2024\/01\/8720387845477-omega-b.webp\" alt=\"Product Image\">\n                                                                                    <div class=\"theme-slider-slider-slide-basket\" data-pid=\"250\">\n                                <i class=\"fa-regular fa-basket-shopping-simple\"><\/i>\n                            <\/div>\n                                                    <\/div>\n                        <h3 class=\"theme-slider-slider-slide-title\">Omega-3<\/h3>\n                        <h4 class=\"theme-slider-slider-slide-subtitle\">Suporte exclusivo<\/h4>\n                        <div class=\"theme-slider-slider-slide-content\">O primeiro suplemento de \u00f4mega-3 sem sabor de peixe, contendo o \u00e1cido graxo essencial DHA, feito a partir de \u00f3leo de algas. Bom para o funcionamento do c\u00e9rebro e a vis\u00e3o e com um excelente sabor c\u00edtrico.<\/div>\n                        <a class=\"theme-slider-slider-slide-link\" href=\"https:\/\/vitavif.com\/pt\/tienda\/omega-3\/\"><\/a>\n                    <\/div>\n                                        <div class=\"theme-slider-slider-slide\">\n                        <div class=\"theme-slider-slider-slide-image-wrapper\">\n                                                        <img decoding=\"async\" src=\"https:\/\/vitavif.com\/wp-content\/uploads\/2024\/01\/8720387845392-nl-1A-vegan-B.webp\" alt=\"Product Image\">\n                                                                                    <div class=\"theme-slider-slider-slide-basket\" data-pid=\"251\">\n                                <i class=\"fa-regular fa-basket-shopping-simple\"><\/i>\n                            <\/div>\n                                                    <\/div>\n                        <h3 class=\"theme-slider-slider-slide-title\">Vegan<\/h3>\n                        <h4 class=\"theme-slider-slider-slide-subtitle\">Multivitam\u00ednico<\/h4>\n                        <div class=\"theme-slider-slider-slide-content\">Vegano, vegetariano ou flexitariano? Aqui est\u00e1 a sua dose di\u00e1ria de vitamina B12, c\u00e1lcio e ferro, em deliciosas gomas sem a\u00e7\u00facar e com sabor de amora. A primeira f\u00f3rmula de goma vegana que cont\u00e9m ferro!<\/div>\n                        <a class=\"theme-slider-slider-slide-link\" href=\"https:\/\/vitavif.com\/pt\/tienda\/vegan\/\"><\/a>\n                    <\/div>\n                                        <div class=\"theme-slider-slider-slide\">\n                        <div class=\"theme-slider-slider-slide-image-wrapper\">\n                                                        <img decoding=\"async\" src=\"https:\/\/vitavif.com\/wp-content\/uploads\/2024\/01\/8720387845576-menopause-b.webp\" alt=\"Product Image\">\n                                                                                    <div class=\"theme-slider-slider-slide-basket\" data-pid=\"252\">\n                                <i class=\"fa-regular fa-basket-shopping-simple\"><\/i>\n                            <\/div>\n                                                    <\/div>\n                        <h3 class=\"theme-slider-slider-slide-title\">Menopause<\/h3>\n                        <h4 class=\"theme-slider-slider-slide-subtitle\">Bem-estar e beleza<\/h4>\n                        <div class=\"theme-slider-slider-slide-content\">Torne a menopausa mais confort\u00e1vel tomando vitaminas contra ondas de calor, suores noturnos e altera\u00e7\u00f5es de humor. Sabor amora. Cont\u00eam s\u00e1lvia, conagra, pimenta de monge e vitaminas B6 e B12.<\/div>\n                        <a class=\"theme-slider-slider-slide-link\" href=\"https:\/\/vitavif.com\/pt\/tienda\/menopause\/\"><\/a>\n                    <\/div>\n                                        <div class=\"theme-slider-slider-slide\">\n                        <div class=\"theme-slider-slider-slide-image-wrapper\">\n                                                        <img decoding=\"async\" src=\"https:\/\/vitavif.com\/wp-content\/uploads\/2023\/12\/instagram-cta-8.webp\" alt=\"Product Image\">\n                                                                                    <div class=\"theme-slider-slider-slide-basket\" data-pid=\"371\">\n                                <i class=\"fa-regular fa-basket-shopping-simple\"><\/i>\n                            <\/div>\n                                                    <\/div>\n                        <h3 class=\"theme-slider-slider-slide-title\">Sleep<\/h3>\n                        <h4 class=\"theme-slider-slider-slide-subtitle\">Bem-estar e beleza<\/h4>\n                        <div class=\"theme-slider-slider-slide-content\">Dormir bem e acordar descansado. Gomas com melatonina, camomila, maracuj\u00e1 e espinheiro com delicioso sabor de mirtilo.<\/div>\n                        <a class=\"theme-slider-slider-slide-link\" href=\"https:\/\/vitavif.com\/pt\/tienda\/sleep\/\"><\/a>\n                    <\/div>\n                                        <div class=\"theme-slider-slider-slide\">\n                        <div class=\"theme-slider-slider-slide-image-wrapper\">\n                                                        <img decoding=\"async\" src=\"https:\/\/vitavif.com\/wp-content\/uploads\/2023\/12\/instagram-cta-9.webp\" alt=\"Product Image\">\n                                                                                    <div class=\"theme-slider-slider-slide-basket\" data-pid=\"350\">\n                                <i class=\"fa-regular fa-basket-shopping-simple\"><\/i>\n                            <\/div>\n                                                    <\/div>\n                        <h3 class=\"theme-slider-slider-slide-title\">Magnesium<\/h3>\n                        <h4 class=\"theme-slider-slider-slide-subtitle\">Suporte exclusivo<\/h4>\n                        <div class=\"theme-slider-slider-slide-content\">Um dos suplementos mais vendidos em 2023. Uma saborosa goma de cereja com propriedades de magn\u00e9sio de f\u00e1cil absor\u00e7\u00e3o: o citrato. Por 60 dias de uso.<\/div>\n                        <a class=\"theme-slider-slider-slide-link\" href=\"https:\/\/vitavif.com\/pt\/tienda\/magnesium\/\"><\/a>\n                    <\/div>\n                                    <\/div>\n            <\/div>\n        <\/div>\n    <\/div>\n<\/div>\n\n<div class=\"theme-wrapper theme-content\">\n    <div class=\"container\">\n        <div class=\"row\">\n            <div class=\"col-12 col-md-5\">\n                <div class=\"theme-content-image-wrapper\">\n                    <img decoding=\"async\" src=\"https:\/\/vitavif.com\/wp-content\/uploads\/2024\/01\/Charmaine-14422-vierkant-min.jpg\" alt=\"Content Image\">\n                <\/div>\n            <\/div>\n            <div class=\"col-12 col-md-7\">\n                <div class=\"theme-content-wrapper\">\n                    <h3 class=\"theme-content-wrapper-subtitle\">\n                        <img decoding=\"async\" src=\"https:\/\/vitavif.com\/wp-content\/themes\/loeihard-theme\/assets\/img\/mini-gummie.png\" alt=\"Little Gummie\">\n                        Vital todos os dias                    <\/h3>\n                    <h2 class=\"theme-content-wrapper-title\">\n                        Yummygums, um estilo de vida!                    <\/h2>\n                    <div class=\"theme-content-wrapper-content\">\n                        <p class=\"translation-block\">Na Vitavif nos interessamos pelas pessoas. Trabalhamos para criar um impacto positivo, cuidando do seu bem-estar e do seu meio ambiente. Queremos ajud\u00e1-lo a manter uma rotina saud\u00e1vel, tomando vitaminas e minerais <strong>de forma constante e respons\u00e1vel.<\/strong><\/p>\n<p>&nbsp;<\/p>\n<p>O segredo est\u00e1 na rotina, a sua. Tomar suplementos todos os dias \u00e9 um grande desafio. Mas quando s\u00e3o Yummygums saborosos, \u00e9 f\u00e1cil acompanhar.<\/p>\n<p>&nbsp;<\/p>\n<p>Ao tornar nossas vitaminas naturais, divertidas e saborosas, voc\u00ea pode criar uma rotina que realmente o mant\u00e9m motivado para continuar cuidando de si mesmo.<\/p>\n                    <\/div>\n                <\/div>\n            <\/div>\n        <\/div>\n    <\/div>\n<\/div>\n\n<div class=\"theme-wrapper theme-cta\">\n    <div class=\"container\">\n        <div class=\"row\">\n            <div class=\"col-12 col-lg-6\">\n                <div class=\"theme-cta-wrapper\">\n                    <a class=\"theme-cta-wrapper-cta\" href=\"https:\/\/www.instagram.com\/vitavif.vitamins\/\">\n                        <div class=\"theme-cta-wrapper-cta-insta\">\n                            <i class=\"fa-brands fa-instagram\"><\/i>\n                        <\/div>\n                        <h3 class=\"theme-cta-wrapper-cta-name\">@vitavif<\/h3>\n                    <\/a>\n                <\/div>\n                <h2 class=\"theme-cta-title\">F\u00e3s de Vitavif<\/h2>\n                <h3 class=\"theme-cta-subtitle\">Siga-nos e junte-se \u00e0 fam\u00edlia Yummygum<\/h3>\n                <div class=\"theme-cta-content\"><p>Todos os dias deixamos as pessoas felizes com Yummygums. Nossos f\u00e3s est\u00e3o entusiasmados e satisfeitos com os resultados. Se voc\u00ea tamb\u00e9m j\u00e1 passou por isso, conte-nos e escreva um coment\u00e1rio.<\/p>\n<\/div>\n                <div class=\"theme-cta-image-wrapper\">\n                    <img decoding=\"async\" src=\"https:\/\/vitavif.com\/wp-content\/uploads\/2023\/10\/gummies-emphasis.png\" alt=\"Gummies\">\n                <\/div>\n            <\/div>\n            <div class=\"col-12 col-lg-6\">\n                <div class=\"theme-cta__wrapper\">\n                    <div class=\"theme-cta-row\">\n                        <div class=\"theme-cta-row-image-wrapper image-small\">\n                            <img decoding=\"async\" src=\"https:\/\/vitavif.com\/wp-content\/themes\/loeihard-theme\/assets\/img\/instagram-cta-1.webp\" alt=\"\">\n                        <\/div>\n                        <div class=\"theme-cta-row-image-wrapper image-small\">\n                            <img decoding=\"async\" src=\"https:\/\/vitavif.com\/wp-content\/themes\/loeihard-theme\/assets\/img\/instagram-cta-4.webp\" alt=\"\">\n                        <\/div>\n                        <div class=\"theme-cta-row-image-wrapper image-small\">\n                            <img decoding=\"async\" src=\"https:\/\/vitavif.com\/wp-content\/themes\/loeihard-theme\/assets\/img\/instagram-cta-7.webp\" alt=\"\">\n                        <\/div>\n                    <\/div>\n                    <div class=\"theme-cta-row\">\n                        <div class=\"theme-cta-row-image-wrapper image-small\">\n                            <img decoding=\"async\" src=\"https:\/\/vitavif.com\/wp-content\/themes\/loeihard-theme\/assets\/img\/instagram-cta-2.webp\" alt=\"\">\n                        <\/div>\n                        <div class=\"theme-cta-row-image-wrapper image-small\">\n                            <img decoding=\"async\" src=\"https:\/\/vitavif.com\/wp-content\/themes\/loeihard-theme\/assets\/img\/instagram-cta-5.webp\" alt=\"\">\n                        <\/div>\n                        <div class=\"theme-cta-row-image-wrapper image-small\">\n                            <img decoding=\"async\" src=\"https:\/\/vitavif.com\/wp-content\/themes\/loeihard-theme\/assets\/img\/instagram-cta-8.webp\" alt=\"\">\n                        <\/div>\n                    <\/div>\n                    <div class=\"theme-cta-row\">\n                        <div class=\"theme-cta-row-image-wrapper image-small\">\n                            <img decoding=\"async\" src=\"https:\/\/vitavif.com\/wp-content\/themes\/loeihard-theme\/assets\/img\/instagram-cta-3.webp\" alt=\"\">\n                        <\/div>\n                        <div class=\"theme-cta-row-image-wrapper image-small\">\n                            <img decoding=\"async\" src=\"https:\/\/vitavif.com\/wp-content\/themes\/loeihard-theme\/assets\/img\/instagram-cta-6.webp\" alt=\"\">\n                        <\/div>\n                        <div class=\"theme-cta-row-image-wrapper image-small\">\n                            <img decoding=\"async\" src=\"https:\/\/vitavif.com\/wp-content\/themes\/loeihard-theme\/assets\/img\/instagram-cta-9.webp\" alt=\"\">\n                        <\/div>\n                    <\/div>\n                <\/div>\n            <\/div>\n        <\/div>\n    <\/div>\n<\/div>\n\n<div class=\"theme-wrapper theme-review\">\n    <div class=\"container\">\n        <div class=\"row\">\n            <div class=\"col-12 col-lg-6\">\n                <div class=\"theme-review-wrapper\">\n                    <h2 class=\"theme-review-wrapper-title\">Avalie sua experi\u00eancia<\/h2>\n                    <div class=\"theme-review-wrapper-content\"><p>Quer nos contar sobre suas experi\u00eancias comprando na Vitavif ou deixar um<\/p>\n<p>comentar sobre nossos produtos? Compartilhe sua opini\u00e3o com outros clientes.<\/p>\n<\/div>\n                    <a class=\"theme-review-wrapper-button theme-button\" href=\"https:\/\/pt.trustpilot.com\/review\/vitavif.com\">Escreva sua opini\u00e3o<\/a>\n                <\/div>\n            <\/div>\n            <div class=\"col-12 col-lg-6\">\n                <div class=\"theme-review-image-wrapper\">\n                    <a href=\"https:\/\/pt.trustpilot.com\/review\/vitavif.com\">\n                        <img decoding=\"async\" src=\"https:\/\/vitavif.com\/wp-content\/themes\/loeihard-theme\/assets\/img\/trustpilot-graphic.webp\" alt=\"Review Image\">\n                    <\/a>\n                <\/div>\n            <\/div>\n        <\/div>\n    <\/div>\n<\/div>\n\n<div class=\"theme-wrapper theme-faq\">\n    <div class=\"container\">\n        <div class=\"row justify-content-center\">\n            <div class=\"col-12 col-md-10 col-lg-6\">\n                <h2 class=\"theme-faq-title\">Perguntas frequentes<\/h2>\n                                                <div class=\"theme-faq-accordion\">\n                    <div class=\"theme-faq-accordion-item\">\n                        <div class=\"theme-faq-accordion-item-title\">\n                            Que ado\u00e7ante cont\u00eam as gomas sem a\u00e7\u00facar?                        <\/div>\n                        <div class=\"theme-faq-accordion-item-content\">\n                            <p>Yummygums sem a\u00e7\u00facar cont\u00eam est\u00e9via e maltitol. Stevia \u00e9 um ado\u00e7ante natural extra\u00eddo das folhas da planta est\u00e9via. O maltitol \u00e9 um substituto do a\u00e7\u00facar que cont\u00e9m 75 a 90% de do\u00e7ura. \u00c9 extra\u00eddo da maltose (a\u00e7\u00facar do malte), proveniente do trigo ou do milho. Este ado\u00e7ante tem quase as mesmas propriedades do a\u00e7\u00facar, s\u00f3 que \u00e9 muito mais saud\u00e1vel! O maltitol tem muito poucas calorias, \u00e9 melhor para os dentes e tem menos efeito sobre o a\u00e7\u00facar no sangue.<\/p>\n                        <\/div>\n                    <\/div>\n                <\/div>\n                                <div class=\"theme-faq-accordion\">\n                    <div class=\"theme-faq-accordion-item\">\n                        <div class=\"theme-faq-accordion-item-title\">\n                            Que Yummygums posso combinar?                        <\/div>\n                        <div class=\"theme-faq-accordion-item-content\">\n                            <p class=\"translation-block\">Consulte a tabela com as poss\u00edveis combina\u00e7\u00f5es de vitaminas <a href=\"https:\/\/cdn.vitavif.com\/wp-content\/uploads\/2023\/12\/combineertabel-f3f8d5d6-ec75-43ea-86f6-8ce5e68db39f.png\" target=\"_blank\" rel=\"noopener\">aqui<\/a>.<\/p>\n                        <\/div>\n                    <\/div>\n                <\/div>\n                                <div class=\"theme-faq-accordion\">\n                    <div class=\"theme-faq-accordion-item\">\n                        <div class=\"theme-faq-accordion-item-title\">\n                            Os Yummygums s\u00e3o veganos?                        <\/div>\n                        <div class=\"theme-faq-accordion-item-content\">\n                            <p>Todos os nossos Yummygums s\u00e3o veganos. Eles n\u00e3o cont\u00eam gelatina, mas sim pectina e\/ou amido para estruturar e ligar. O amido vem do milho e a pectina \u00e9 extra\u00edda da casca das frutas.<\/p>\n                        <\/div>\n                    <\/div>\n                <\/div>\n                                                                <a class=\"theme-faq-link theme-button\" href=\"https:\/\/vitavif.com\/pt\/perguntas-frecuentes\/\">Veja as perguntas mais frequentes <i class=\"fa-solid fa-arrow-right\"><\/i><\/a>\n                            <\/div>\n                        <div class=\"col-12 col-sm-10 col-md-8 col-lg-6\">\n                <div class=\"theme-faq-image-wrapper\">\n                    <img decoding=\"async\" src=\"https:\/\/vitavif.com\/wp-content\/uploads\/2023\/10\/faq-image.png\" alt=\"FAQ Image\">\n                <\/div>\n            <\/div>\n                    <\/div>\n    <\/div>\n<\/div>","protected":false},"excerpt":{"rendered":"","protected":false},"author":1,"featured_media":0,"parent":0,"menu_order":0,"comment_status":"closed","ping_status":"closed","template":"","meta":{"_acf_changed":false,"_seopress_robots_primary_cat":"","_seopress_titles_title":"","_seopress_titles_desc":"","_seopress_robots_index":"","footnotes":""},"class_list":["post-65","page","type-page","status-publish","hentry"],"acf":[],"_links":{"self":[{"href":"https:\/\/vitavif.com\/pt\/wp-json\/wp\/v2\/pages\/65","targetHints":{"allow":["GET"]}}],"collection":[{"href":"https:\/\/vitavif.com\/pt\/wp-json\/wp\/v2\/pages"}],"about":[{"href":"https:\/\/vitavif.com\/pt\/wp-json\/wp\/v2\/types\/page"}],"author":[{"embeddable":true,"href":"https:\/\/vitavif.com\/pt\/wp-json\/wp\/v2\/users\/1"}],"replies":[{"embeddable":true,"href":"https:\/\/vitavif.com\/pt\/wp-json\/wp\/v2\/comments?post=65"}],"version-history":[{"count":68,"href":"https:\/\/vitavif.com\/pt\/wp-json\/wp\/v2\/pages\/65\/revisions"}],"predecessor-version":[{"id":793,"href":"https:\/\/vitavif.com\/pt\/wp-json\/wp\/v2\/pages\/65\/revisions\/793"}],"wp:attachment":[{"href":"https:\/\/vitavif.com\/pt\/wp-json\/wp\/v2\/media?parent=65"}],"curies":[{"name":"wp","href":"https:\/\/api.w.org\/{rel}","templated":true}]}}